{"id":672,"date":"2012-12-19T14:30:10","date_gmt":"2012-12-19T14:30:10","guid":{"rendered":"http:\/\/www.pu-bw.de\/?page_id=672"},"modified":"2019-11-18T13:43:07","modified_gmt":"2019-11-18T13:43:07","slug":"our-network","status":"publish","type":"page","link":"https:\/\/www.pu-bw.de\/en\/profile\/our-network\/","title":{"rendered":"Our network"},"content":{"rendered":"<p>The environmental platform is linked to regional, national, federal, and international levels with a lot of partners:<\/p>\n<ul>\n<li><a href=\"http:\/\/www.buergschaftsbank.de\" target=\"_blank\" rel=\"noopener noreferrer\">B\u00fcrgschaftsbank Baden-W\u00fcrttemberg<\/a><\/li>\n<li><a href=\"http:\/\/www.mbg.de\" target=\"_blank\" rel=\"noopener noreferrer\">Mittelst\u00e4ndische Beteiligungsgesellschaft Baden-W\u00fcrttemberg<\/a><\/li>\n<li><a href=\"http:\/\/www.bw-i.de\" target=\"_blank\" rel=\"noopener noreferrer\">Baden-W\u00fcrttemberg International<\/a><\/li>\n<li><a href=\"http:\/\/www.rkw-bw.de\" target=\"_blank\" rel=\"noopener noreferrer\">RKW Baden-W\u00fcrttemberg<\/a><\/li>\n<li><a href=\"https:\/\/www.umwelt-bw.de\/\">Ministry of the Environment, Climate and Energy Baden-W\u00fcrttemberg<\/a><\/li>\n<li><a href=\"https:\/\/wm.baden-wuerttemberg.de\/de\/startseite\/\">Ministry of Economics, Labour and Housing Baden-W\u00fcrttemberg<\/a><\/li>\n<li><a href=\"http:\/\/www.staedtetag-bw.de\" target=\"_blank\" rel=\"noopener noreferrer\">Administration<\/a><\/li>\n<li><a href=\"http:\/\/www.chemie.com\" target=\"_blank\" rel=\"noopener noreferrer\">Industrial Associations<\/a><\/li>\n<li><a href=\"http:\/\/www.stuttgart.ihk.de\" target=\"_blank\" rel=\"noopener noreferrer\">IHK<\/a> \/ <a href=\"http:\/\/www.handwerk-bw.de\" target=\"_blank\" rel=\"noopener noreferrer\">BW-Handwerkstag<\/a><\/li>\n<li><a href=\"http:\/\/www.iswa.uni-stuttgart.de\" target=\"_blank\" rel=\"noopener noreferrer\">Universities<\/a><\/li>\n<li><a href=\"http:\/\/www.hs-mannheim.de\" target=\"_blank\" rel=\"noopener noreferrer\">Research Institutions<\/a><\/li>\n<li><a href=\"http:\/\/www.stw.de\" target=\"_blank\" rel=\"noopener noreferrer\">Steinbeis-Stiftung<\/a> \/ <a href=\"http:\/\/www.steinbeis-europa.de\" target=\"_blank\" rel=\"noopener noreferrer\">Steinbeis-Fundation<\/a><\/li>\n<li><a href=\"https:\/\/umwelttechnik-bw.de\/de\">Environmental Technology BW<\/a><\/li>\n<li><a href=\"http:\/\/www.deginvest.de\" target=\"_blank\" rel=\"noopener noreferrer\">DEG<\/a><\/li>\n<li><a href=\"http:\/\/www.giz.de\" target=\"_blank\" rel=\"noopener noreferrer\">GIZ<\/a><\/li>\n<li><a href=\"http:\/\/www.bdu.de\" target=\"_blank\" rel=\"noopener noreferrer\">DBU<\/a><\/li>\n<\/ul>\n<p>&nbsp;<\/p>\n<h3>Regional Cluster:<\/h3>\n<ul>\n<li><a href=\"http:\/\/www.umweltkompetenz.org\" target=\"_blank\" rel=\"noopener noreferrer\">UKOM-Umweltkompetenzzentrum Rhein-Neckar e.V.<\/a><\/li>\n<li><a href=\"https:\/\/www.bodensee-standortmarketing.com\/umwelttechnologie.html\" target=\"_blank\" rel=\"noopener noreferrer\">Netzwerk Umwelttechnologie Bodensee<\/a><\/li>\n<\/ul>\n<p>&nbsp;<\/p>\n<h3>Statewide Netzwork:<\/h3>\n<ul>\n<li><a href=\"http:\/\/www.afbw.eu\" target=\"_blank\" rel=\"noopener noreferrer\">Alliance Fiber based Materials<\/a><\/li>\n<li><a href=\"http:\/\/www.bio-pro.de\" target=\"_blank\" rel=\"noopener noreferrer\">BIOPRO Baden-W\u00fcrttemberg GmbH<\/a><\/li>\n<li><a href=\"http:\/\/www.mechatronik-ev.de\" target=\"_blank\" rel=\"noopener noreferrer\">Competence network Mechatronik Baden-W\u00fcrttemberg<\/a><\/li>\n<li><a href=\"http:\/\/www.mstbw.de\" target=\"_blank\" rel=\"noopener noreferrer\">Mikrosystemtechnik Baden-W\u00fcrttemberg e.V.<\/a><\/li>\n<\/ul>\n<p>&nbsp;<\/p>\n<h3>Internat. Cooperation Partners:<\/h3>\n<ul>\n<li><a href=\"http:\/\/www.clusterland.at\" target=\"_blank\" rel=\"noopener noreferrer\">Clusterland Upper Austria<\/a><\/li>\n<li><a href=\"http:\/\/www.osiad.org.tr\" target=\"_blank\" rel=\"noopener noreferrer\">Osiad, Turkey<\/a><\/li>\n<li><a href=\"http:\/\/www.turkonfed.org\" target=\"_blank\" rel=\"noopener noreferrer\">Trukconfed, Turkey<\/a><\/li>\n<li><a href=\"http:\/\/www.deik.org.tr\" target=\"_blank\" rel=\"noopener noreferrer\">DEIK, Turkey<\/a><\/li>\n<li><a href=\"http:\/\/www.coparmex.org.mx\" target=\"_blank\" rel=\"noopener noreferrer\">Coparamey, Mexico<\/a><\/li>\n<li><a href=\"http:\/\/www.usem.org.mx\" target=\"_blank\" rel=\"noopener noreferrer\">USEM, Mexico<\/a><\/li>\n<li><a href=\"https:\/\/www.sistemafiep.org.br\/\" target=\"_blank\" rel=\"noopener noreferrer\">Senai, Brazil<\/a><\/li>\n<\/ul>\n<p>If you need contacts or support, please contact our <a href=\"\/en\/profile\/clustermanagement\/\">cluster management<\/a>.<\/p>\n","protected":false},"excerpt":{"rendered":"<p>The environmental platform is linked to regional, national, federal, and international levels with a lot of partners: B\u00fcrgschaftsbank Baden-W\u00fcrttemberg Mittelst\u00e4ndische Beteiligungsgesellschaft Baden-W\u00fcrttemberg Baden-W\u00fcrttemberg International RKW Baden-W\u00fcrttemberg Ministry of the Environment, Climate and Energy Baden-W\u00fcrttemberg Ministry of Economics, Labour and Housing Baden-W\u00fcrttemberg Administration Industrial Associations IHK \/ BW-Handwerkstag Universities Research Institutions Steinbeis-Stiftung \/ Steinbeis-Fundation Environmental Technology [&hellip;]<\/p>\n","protected":false},"author":5,"featured_media":0,"parent":704,"menu_order":4,"comment_status":"open","ping_status":"closed","template":"","meta":{"footnotes":""},"acf":[],"_links":{"self":[{"href":"https:\/\/www.pu-bw.de\/en\/wp-json\/wp\/v2\/pages\/672"}],"collection":[{"href":"https:\/\/www.pu-bw.de\/en\/wp-json\/wp\/v2\/pages"}],"about":[{"href":"https:\/\/www.pu-bw.de\/en\/wp-json\/wp\/v2\/types\/page"}],"author":[{"embeddable":true,"href":"https:\/\/www.pu-bw.de\/en\/wp-json\/wp\/v2\/users\/5"}],"replies":[{"embeddable":true,"href":"https:\/\/www.pu-bw.de\/en\/wp-json\/wp\/v2\/comments?post=672"}],"version-history":[{"count":15,"href":"https:\/\/www.pu-bw.de\/en\/wp-json\/wp\/v2\/pages\/672\/revisions"}],"predecessor-version":[{"id":4495,"href":"https:\/\/www.pu-bw.de\/en\/wp-json\/wp\/v2\/pages\/672\/revisions\/4495"}],"up":[{"embeddable":true,"href":"https:\/\/www.pu-bw.de\/en\/wp-json\/wp\/v2\/pages\/704"}],"wp:attachment":[{"href":"https:\/\/www.pu-bw.de\/en\/wp-json\/wp\/v2\/media?parent=672"}],"curies":[{"name":"wp","href":"https:\/\/api.w.org\/{rel}","templated":true}]}}